{"id":2152,"date":"2021-11-13T14:28:45","date_gmt":"2021-11-13T14:28:45","guid":{"rendered":"https:\/\/gruene-emsland-mitte.de\/?page_id=2152"},"modified":"2026-01-25T14:32:06","modified_gmt":"2026-01-25T14:32:06","slug":"gesichter-der-gruenen-emsland-mitte","status":"publish","type":"page","link":"https:\/\/gruene-emsland-mitte.de\/?page_id=2152","title":{"rendered":"Gesichter der Gr\u00fcnen Emsland Mitte"},"content":{"rendered":"\n<p>Unser Ortsverein ist sehr aktiv im Kreis sowie in den Orten: Meppen, Haren, Hasel\u00fcnne, Herzlake, Geeste und Twist.<br><br>Wir zeigen Gesicht.<br><br><\/p>\n\n\n\n<h2 class=\"wp-block-heading\">Wir sind im Kreistag vertreten:<\/h2>\n\n\n\n<p>Insgesamt sind wir mit 6 Sitzen im Kreistag vertreten. Von unserem Ortsverein hier in Emsland Mitte sind dies:<\/p>\n\n\n\n<figure class=\"wp-block-table\"><table><tbody><tr><td> <img decoding=\"async\" class=\"wp-image-285\" style=\"width: 145px; min-width:145px\" src=\"https:\/\/gruene-emsland.de\/wp-content\/uploads\/2021\/11\/GRUeNE_Breer_Nicolas.jpg\" alt=\"Nicolas Breer\"> <\/td><td>Nicolas M\u00fclbrecht Breer (OV Emsland Mitte)<br>Mitglied der Kreistagsfraktion der Gr\u00fcnen Emsland seit 2021<br>Stellvertretender Fraktionsvorsitzender<br>Aussch\u00fcsse: <br>Jugendhilfe und Sport<br>Betriebsausschuss des Abfallwirtschaftsbetriebes Landkreis Emsland<br>Berufsausbildungskommission<\/td><\/tr><tr><td> <img decoding=\"async\" class=\"wp-image-288\" style=\"width: 145px;\" src=\"https:\/\/gruene-emsland.de\/wp-content\/uploads\/2021\/11\/GRUeNE_Kuipers_Melanie.jpg\" alt=\"Melanie Kuipers\"> <\/td><td>Melanie Kuipers (OV Emsland Mitte)<br>Mitglied der Kreistagsfraktion der Gr\u00fcnen Emsland seit 2021 <br>Aussch\u00fcsse:  <br>Kultur und Tourismus <br>Beirat f\u00fcr Seniorinnen und Senioren<br>Emsl\u00e4ndische Landschaft e.V. (Mitglied durch Sitzverteilung)<br>Naturpark H\u00fcmmling e.V. (Mitglied durch Sitzverteilung)<\/td><\/tr><\/tbody><\/table><figcaption class=\"wp-element-caption\">https:\/\/landkreis-emsland.ratsinfomanagement.net\/sitzungsinfo\/fraktionen\/<\/figcaption><\/figure>\n\n\n\n<h2 class=\"wp-block-heading\">Wir sind im Stadtrat Meppen vertreten:<\/h2>\n\n\n\n<figure class=\"wp-block-table\"><table><tbody><tr><td><img loading=\"lazy\" decoding=\"async\" width=\"600\" height=\"399\" class=\"wp-image-2156\" style=\"width: 150px;  min-width:145px\" src=\"https:\/\/gruene-emsland-mitte.de\/wp-content\/uploads\/2021\/11\/Martin-Tecklenburg_DSC_3586-web-scaled2.jpg\" alt=\"\" srcset=\"https:\/\/gruene-emsland-mitte.de\/wp-content\/uploads\/2021\/11\/Martin-Tecklenburg_DSC_3586-web-scaled2.jpg 600w, https:\/\/gruene-emsland-mitte.de\/wp-content\/uploads\/2021\/11\/Martin-Tecklenburg_DSC_3586-web-scaled2-400x266.jpg 400w, https:\/\/gruene-emsland-mitte.de\/wp-content\/uploads\/2021\/11\/Martin-Tecklenburg_DSC_3586-web-scaled2-150x100.jpg 150w\" sizes=\"auto, (max-width: 600px) 100vw, 600px\" \/><\/td><td>Martin Tecklenburg. Im Meppener Stadtrat seit 2016<br>Stellvertretender B\u00fcrgermeister, Stellvertretender Fraktionsvorsitzender<br>Aussch\u00fcsse: <br>Verwaltungsausschuss, Stadtmarketing, Wirtschaftsf\u00f6rderung und Kultur<br><\/td><\/tr><tr><td><img loading=\"lazy\" decoding=\"async\" width=\"150\" height=\"100\" class=\"wp-image-2157\" style=\"width: 150px;\" src=\"https:\/\/gruene-emsland-mitte.de\/wp-content\/uploads\/2021\/11\/Regina-Sandhaus_DSC_3676-web-scaled2.jpg\" alt=\"\" srcset=\"https:\/\/gruene-emsland-mitte.de\/wp-content\/uploads\/2021\/11\/Regina-Sandhaus_DSC_3676-web-scaled2.jpg 600w, https:\/\/gruene-emsland-mitte.de\/wp-content\/uploads\/2021\/11\/Regina-Sandhaus_DSC_3676-web-scaled2-400x266.jpg 400w, https:\/\/gruene-emsland-mitte.de\/wp-content\/uploads\/2021\/11\/Regina-Sandhaus_DSC_3676-web-scaled2-150x100.jpg 150w\" sizes=\"auto, (max-width: 150px) 100vw, 150px\" \/><\/td><td>Regina Sandhaus. Im Meppener Stadtrat seit 2021<br>Fraktionsvorsitzende<br>Aussch\u00fcsse:<br>Klima und Umweltschutz (Ausschussvorsitzende),Schule und Kita<br><\/td><\/tr><tr><td><img loading=\"lazy\" decoding=\"async\" width=\"150\" height=\"100\" class=\"wp-image-2155\" style=\"width: 150px;\" src=\"https:\/\/gruene-emsland-mitte.de\/wp-content\/uploads\/2021\/11\/Hermann-Sievers_DSC_3348-web-scaled2.jpg\" alt=\"\" srcset=\"https:\/\/gruene-emsland-mitte.de\/wp-content\/uploads\/2021\/11\/Hermann-Sievers_DSC_3348-web-scaled2.jpg 600w, https:\/\/gruene-emsland-mitte.de\/wp-content\/uploads\/2021\/11\/Hermann-Sievers_DSC_3348-web-scaled2-400x266.jpg 400w, https:\/\/gruene-emsland-mitte.de\/wp-content\/uploads\/2021\/11\/Hermann-Sievers_DSC_3348-web-scaled2-150x100.jpg 150w\" sizes=\"auto, (max-width: 150px) 100vw, 150px\" \/><\/td><td>Hermann Sievers. Im Meppener Stadtrat seit 2021<br>Ratsvorsitzender<br>Aussch\u00fcsse:<br>Soziales, Jugend, Sport und Senioren, Stadtmarketing, Wirtschaftsf\u00f6rderung <br>und Kultur, Verkehr, Sicherheit und Feuerwehr, Betriebsausschuss<\/td><\/tr><tr><td><img loading=\"lazy\" decoding=\"async\" width=\"150\" height=\"100\" class=\"wp-image-2468\" style=\"width: 150px;\" src=\"https:\/\/gruene-emsland-mitte.de\/wp-content\/uploads\/2022\/11\/Carlo-Sander_DSC_3491-web-scaled.jpg\" alt=\"\" srcset=\"https:\/\/gruene-emsland-mitte.de\/wp-content\/uploads\/2022\/11\/Carlo-Sander_DSC_3491-web-scaled.jpg 2560w, https:\/\/gruene-emsland-mitte.de\/wp-content\/uploads\/2022\/11\/Carlo-Sander_DSC_3491-web-400x266.jpg 400w, https:\/\/gruene-emsland-mitte.de\/wp-content\/uploads\/2022\/11\/Carlo-Sander_DSC_3491-web-800x532.jpg 800w, https:\/\/gruene-emsland-mitte.de\/wp-content\/uploads\/2022\/11\/Carlo-Sander_DSC_3491-web-768x511.jpg 768w, https:\/\/gruene-emsland-mitte.de\/wp-content\/uploads\/2022\/11\/Carlo-Sander_DSC_3491-web-1536x1022.jpg 1536w, https:\/\/gruene-emsland-mitte.de\/wp-content\/uploads\/2022\/11\/Carlo-Sander_DSC_3491-web-2048x1363.jpg 2048w, https:\/\/gruene-emsland-mitte.de\/wp-content\/uploads\/2022\/11\/Carlo-Sander_DSC_3491-web-150x100.jpg 150w\" sizes=\"auto, (max-width: 150px) 100vw, 150px\" \/><\/td><td>Carlo Sander<br><br>Aussch\u00fcsse:<br>Klima und Umweltschutz, Schule und Kita,  Planungs- und Bauausschuss<br><\/td><\/tr><tr><td><img loading=\"lazy\" decoding=\"async\" width=\"150\" height=\"100\" class=\"wp-image-2153\" style=\"width: 150px;\" src=\"https:\/\/gruene-emsland-mitte.de\/wp-content\/uploads\/2021\/11\/Herbert-Luegering_DSC_3418-web-scaled2.jpg\" alt=\"\" srcset=\"https:\/\/gruene-emsland-mitte.de\/wp-content\/uploads\/2021\/11\/Herbert-Luegering_DSC_3418-web-scaled2.jpg 600w, https:\/\/gruene-emsland-mitte.de\/wp-content\/uploads\/2021\/11\/Herbert-Luegering_DSC_3418-web-scaled2-400x266.jpg 400w, https:\/\/gruene-emsland-mitte.de\/wp-content\/uploads\/2021\/11\/Herbert-Luegering_DSC_3418-web-scaled2-150x100.jpg 150w\" sizes=\"auto, (max-width: 150px) 100vw, 150px\" \/><\/td><td>Herbert L\u00fcgering. Im Meppener Stadtrat seit 2011<br><br>Aussch\u00fcsse: <br>Finanzen; Soziales, Jugend, Sport und Senioren; Verkehr, Sicherheit und <br>Feuerwehr; Betriebsausschuss<\/td><\/tr><tr><td><img loading=\"lazy\" decoding=\"async\" width=\"150\" height=\"100\" class=\"wp-image-2158\" style=\"width: 150px;\" src=\"https:\/\/gruene-emsland-mitte.de\/wp-content\/uploads\/2021\/11\/Martina-Markus_DSC_3540-web-scaled-Kopie.jpg\" alt=\"\" srcset=\"https:\/\/gruene-emsland-mitte.de\/wp-content\/uploads\/2021\/11\/Martina-Markus_DSC_3540-web-scaled-Kopie.jpg 600w, https:\/\/gruene-emsland-mitte.de\/wp-content\/uploads\/2021\/11\/Martina-Markus_DSC_3540-web-scaled-Kopie-400x266.jpg 400w, https:\/\/gruene-emsland-mitte.de\/wp-content\/uploads\/2021\/11\/Martina-Markus_DSC_3540-web-scaled-Kopie-150x100.jpg 150w\" sizes=\"auto, (max-width: 150px) 100vw, 150px\" \/><\/td><td>Martina Markus. Im Meppener Stadtrat seit 2021<br><br>Aussch\u00fcsse:<br>Planungs- und Bauausschuss, Finanzen<\/td><\/tr><\/tbody><\/table><figcaption class=\"wp-element-caption\">Weitere Infos: https:\/\/www.meppen.de\/portal\/seiten\/organe-der-stadt-meppen-900000130-24701.html<\/figcaption><\/figure>\n\n\n\n<h2 class=\"wp-block-heading\">Wir sind im Stadtrat Haren vertreten:<\/h2>\n\n\n\n<figure class=\"wp-block-table\"><table><tbody><tr><td><img loading=\"lazy\" decoding=\"async\" width=\"600\" height=\"400\" class=\"wp-image-2160\" style=\"width: 150px; min-width:145px\" src=\"https:\/\/gruene-emsland-mitte.de\/wp-content\/uploads\/2021\/11\/sandratieben.jpg\" alt=\"\" srcset=\"https:\/\/gruene-emsland-mitte.de\/wp-content\/uploads\/2021\/11\/sandratieben.jpg 600w, https:\/\/gruene-emsland-mitte.de\/wp-content\/uploads\/2021\/11\/sandratieben-400x267.jpg 400w, https:\/\/gruene-emsland-mitte.de\/wp-content\/uploads\/2021\/11\/sandratieben-150x100.jpg 150w\" sizes=\"auto, (max-width: 600px) 100vw, 600px\" \/><\/td><td>Sandra Tieben. Im Harener Stadtrat seit 2021<br>Fraktionsvorsitzende<br><br>Ausssch\u00fcsse:<br>Verwaltungsausschuss<\/td><\/tr><tr><td><img loading=\"lazy\" decoding=\"async\" width=\"150\" height=\"100\" class=\"wp-image-2161\" style=\"width: 150px;\" src=\"https:\/\/gruene-emsland-mitte.de\/wp-content\/uploads\/2021\/11\/zintus.jpg\" alt=\"\" srcset=\"https:\/\/gruene-emsland-mitte.de\/wp-content\/uploads\/2021\/11\/zintus.jpg 600w, https:\/\/gruene-emsland-mitte.de\/wp-content\/uploads\/2021\/11\/zintus-400x267.jpg 400w, https:\/\/gruene-emsland-mitte.de\/wp-content\/uploads\/2021\/11\/zintus-150x100.jpg 150w\" sizes=\"auto, (max-width: 150px) 100vw, 150px\" \/><\/td><td>Hyazinth Sievering . Im Harener Stadtrat seit 2021<br><br>Ausssch\u00fcsse: <br>Bildung und Soziales; Ordnungen und Feuerwehr<\/td><\/tr><tr><td><img loading=\"lazy\" decoding=\"async\" width=\"150\" height=\"100\" class=\"wp-image-2159\" style=\"width: 150px;\" src=\"https:\/\/gruene-emsland-mitte.de\/wp-content\/uploads\/2021\/11\/christian-engelken.jpg\" alt=\"\" srcset=\"https:\/\/gruene-emsland-mitte.de\/wp-content\/uploads\/2021\/11\/christian-engelken.jpg 507w, https:\/\/gruene-emsland-mitte.de\/wp-content\/uploads\/2021\/11\/christian-engelken-400x267.jpg 400w, https:\/\/gruene-emsland-mitte.de\/wp-content\/uploads\/2021\/11\/christian-engelken-150x100.jpg 150w\" sizes=\"auto, (max-width: 150px) 100vw, 150px\" \/><\/td><td>Christian Engelken . Im Harener Stadtrat seit 2021<br>stellvertretender Gruppensprecher*<br>Ausssch\u00fcsse: <br>Bauen und Planen; Wirtschaft und Finanzen<br><em>*) die Gr\u00fcnen in Haren haben eine Ratsgruppe mit der SPD gebildet.  <\/em>                                    <\/td><\/tr><\/tbody><\/table><\/figure>\n\n\n\n<h2 class=\"wp-block-heading\">Wir sind im Stadtrat Hasel\u00fcnne vertreten:<\/h2>\n\n\n\n<figure class=\"wp-block-table\"><table><tbody><tr><td><img loading=\"lazy\" decoding=\"async\" width=\"600\" height=\"400\" class=\"wp-image-2164\" style=\"width: 150px; min-width:145px\" src=\"https:\/\/gruene-emsland-mitte.de\/wp-content\/uploads\/2021\/11\/Hannaclarawiegmann.jpg\" alt=\"\" srcset=\"https:\/\/gruene-emsland-mitte.de\/wp-content\/uploads\/2021\/11\/Hannaclarawiegmann.jpg 600w, https:\/\/gruene-emsland-mitte.de\/wp-content\/uploads\/2021\/11\/Hannaclarawiegmann-400x267.jpg 400w, https:\/\/gruene-emsland-mitte.de\/wp-content\/uploads\/2021\/11\/Hannaclarawiegmann-150x100.jpg 150w\" sizes=\"auto, (max-width: 600px) 100vw, 600px\" \/><\/td><td>Hanna Clara Wiegmann. Im Hasel\u00fcnner Stadtrat seit 2021<br>Fraktionsvorsitzende<br>Aussch\u00fcsse:<br>Familie und Ehrenamt*<br><em>*)Mandat wurde von der CDU ohne daran ankn\u00fcpfende Bedingungen zur <\/em><br><em>Verf\u00fcgung gestellt<\/em><\/td><\/tr><tr><td><img loading=\"lazy\" decoding=\"async\" width=\"150\" height=\"100\" class=\"wp-image-2163\" style=\"width: 150px;\" src=\"https:\/\/gruene-emsland-mitte.de\/wp-content\/uploads\/2021\/11\/Nicolas-breer.jpg\" alt=\"\" srcset=\"https:\/\/gruene-emsland-mitte.de\/wp-content\/uploads\/2021\/11\/Nicolas-breer.jpg 600w, https:\/\/gruene-emsland-mitte.de\/wp-content\/uploads\/2021\/11\/Nicolas-breer-400x267.jpg 400w, https:\/\/gruene-emsland-mitte.de\/wp-content\/uploads\/2021\/11\/Nicolas-breer-150x100.jpg 150w\" sizes=\"auto, (max-width: 150px) 100vw, 150px\" \/><\/td><td>Nicolas M\u00fclbrecht Breer. Im Hasel\u00fcnner Stadtrat seit 2021<br>Kreistagsabgeordneter, Erweiterter Vorstand des Ortsvereins<br>Aussch\u00fcsse:<br>Schule und Kultur*, Umwelt- und Bauausschuss (Grundmandat), <br>Verwaltungsausschuss (GM) <br><em>*)Mandat wurde von der CDU ohne daran ankn\u00fcpfende Bedingungen zur <\/em><br><em>Verf\u00fcgung gestellt<\/em><\/td><\/tr><\/tbody><\/table><figcaption class=\"wp-element-caption\">Weitere Infos: https:\/\/www.haseluenne.de\/index.php\/51-rathaus\/rat-und-verwaltung\/409-rat-der-stadt<\/figcaption><\/figure>\n\n\n\n<h2 class=\"wp-block-heading\">Wir sind im Gemeinderat Geeste vertreten:<\/h2>\n\n\n\n<figure class=\"wp-block-table\"><table><tbody><tr><td><img loading=\"lazy\" decoding=\"async\" width=\"328\" height=\"267\" class=\"wp-image-2167\" style=\"width: 150px; min-width:145px\" src=\"https:\/\/gruene-emsland-mitte.de\/wp-content\/uploads\/2021\/11\/geeste-wird-gr-faceboo-sharepic-850x450ccd.jpg\" alt=\"\" srcset=\"https:\/\/gruene-emsland-mitte.de\/wp-content\/uploads\/2021\/11\/geeste-wird-gr-faceboo-sharepic-850x450ccd.jpg 328w, https:\/\/gruene-emsland-mitte.de\/wp-content\/uploads\/2021\/11\/geeste-wird-gr-faceboo-sharepic-850x450ccd-150x122.jpg 150w\" sizes=\"auto, (max-width: 328px) 100vw, 328px\" \/><\/td><td>Ulrich Struck. Im Gemeinderat Geeste seit 2021<br>In einer Ratsgruppe mit der SPD <br>Aussch\u00fcsse: <br>Planen, Bauen und Klimaschutz; Schulausschuss; Touristik und Kultur;  <\/td><\/tr><\/tbody><\/table><figcaption>Weitere Infos: https:\/\/www.geeste.de\/rathaus-und-buergerservice\/politik-und-rat\/politik-und-rat.html<\/figcaption><\/figure>\n\n\n\n<h2 class=\"wp-block-heading\">Wir sind im Samtgemeinderat Herzlake sowie im Gemeinderat L\u00e4hden vertreten:<\/h2>\n\n\n\n<figure class=\"wp-block-table\"><table><tbody><tr><td><img loading=\"lazy\" decoding=\"async\" width=\"600\" height=\"400\" class=\"wp-image-2162\" style=\"width: 150px; min-width:145px\" src=\"https:\/\/gruene-emsland-mitte.de\/wp-content\/uploads\/2021\/11\/dagmaruntiedt2.jpg\" alt=\"\" srcset=\"https:\/\/gruene-emsland-mitte.de\/wp-content\/uploads\/2021\/11\/dagmaruntiedt2.jpg 600w, https:\/\/gruene-emsland-mitte.de\/wp-content\/uploads\/2021\/11\/dagmaruntiedt2-400x267.jpg 400w, https:\/\/gruene-emsland-mitte.de\/wp-content\/uploads\/2021\/11\/dagmaruntiedt2-150x100.jpg 150w\" sizes=\"auto, (max-width: 600px) 100vw, 600px\" \/><\/td><td>Dagmar Untiedt. In den R\u00e4ten der Samtgemeinde Herzlake und Gemeinde L\u00e4hden seit 2021<br>Aussch\u00fcsse:<br>F\u00fcr Herzlake: Vorsitzende des Kultur und Tourismus-Ausschusses; Stellvertretende im <br>Schulausschuss; Trink- und Abwasserverband (TAV) Bourtanger Moor<br><em>*) die Gr\u00fcnen in Herzlake haben eine Ratsgruppe mit der SPD gebildet.<\/em><\/td><\/tr><\/tbody><\/table><figcaption>Weitere Infos: https:\/\/www.herzlake.de\/Gemeindeportal\/Rat-und-Politik\/Ausschuesse.htm<\/figcaption><\/figure>\n\n\n\n<h2 class=\"wp-block-heading\">Wir sind die Ansprechpartner f\u00fcr B\u00fcndnis 90 \/ Die Gr\u00fcnen f\u00fcr die Gemeinde Twist:<\/h2>\n\n\n\n<figure class=\"wp-block-table\"><table><tbody><tr><td><\/td><td>Sandra Basenius <br>sandra-basenius@gruene-emsland-mitte.de<\/td><\/tr><\/tbody><\/table><\/figure>\n\n\n\n<h2 class=\"wp-block-heading\">Wir sind der Vorstand des Vereins B\u00fcndnis 90 \/ Die Gr\u00fcnen Emsland Mitte:<br><\/h2>\n\n\n\n<div class=\"wp-block-columns is-layout-flex wp-container-core-columns-is-layout-9d6595d7 wp-block-columns-is-layout-flex\">\n<div class=\"wp-block-column is-layout-flow wp-block-column-is-layout-flow\" style=\"flex-basis:100%\">\n<div class=\"wp-block-columns is-layout-flex wp-container-core-columns-is-layout-9d6595d7 wp-block-columns-is-layout-flex\">\n<div class=\"wp-block-column is-layout-flow wp-block-column-is-layout-flow\" style=\"flex-basis:100%\">\n<figure class=\"wp-block-table\"><table><tbody><tr><td><\/td><td>Sandra Basenius<br>Vorstand Sprecherin B\u00fcndnis 90\/Die Gr\u00fcnen Emsland Mitte<\/td><\/tr><tr><td><\/td><td>Sophie Koopmann<br>Vorstand Sprecherin B\u00fcndnis 90\/Die Gr\u00fcnen Emsland Mitte<\/td><\/tr><tr><td><\/td><td>Martina Markus<br>Vorstand Schatzmeisterin B\u00fcndnis 90\/Die Gr\u00fcnen Emsland Mitte<\/td><\/tr><tr><td><\/td><td>Lisa Olliges<br>Vorstand Beisitzerin B\u00fcndnis 90\/Die Gr\u00fcnen Emsland Mitte<\/td><\/tr><tr><td><\/td><td>Frauke van Kampen<br>Vorstand Beisitzerin B\u00fcndnis 90\/Die Gr\u00fcnen Emsland Mitte<\/td><\/tr><tr><td><\/td><td>Mimi van de Kreeke<br>Vorstand Beisitzerin B\u00fcndnis 90\/Die Gr\u00fcnen Emsland Mitte<\/td><\/tr><tr><td><\/td><td> <\/td><\/tr><\/tbody><\/table><figcaption class=\"wp-element-caption\">Den Vorstand erreichen Sie via Email unter: <a href=\"#\" data-unscramble=\"ed.ettim-dnalsme-eneurg@dnatsrov\">vorstand@gruene-emsland-mitte.de<\/a><\/figcaption><\/figure>\n<\/div>\n<\/div>\n<\/div>\n<\/div>\n\n\n\n\n\n<h2 class=\"wp-block-heading\">Hier kannst Du mit uns in Kontakt treten, wenn du Mitglied werden m\u00f6chtest:<\/h2>\n\n\n\n<p>Schreibe uns eine Email an:<br>mitglieder@gruene-emsland-mitte.de<\/p>\n","protected":false},"excerpt":{"rendered":"<p>Unser Ortsverein ist sehr aktiv im Kreis sowie in den Orten: Meppen, Haren, Hasel\u00fcnne, Herzlake, Geeste und Twist. Wir zeigen Gesicht. Wir sind im Kreistag vertreten: Insgesamt sind wir mit [&hellip;]<\/p>\n","protected":false},"author":4,"featured_media":0,"parent":0,"menu_order":0,"comment_status":"closed","ping_status":"closed","template":"","meta":{"footnotes":""},"class_list":["post-2152","page","type-page","status-publish","hentry"],"_links":{"self":[{"href":"https:\/\/gruene-emsland-mitte.de\/index.php?rest_route=\/wp\/v2\/pages\/2152","targetHints":{"allow":["GET"]}}],"collection":[{"href":"https:\/\/gruene-emsland-mitte.de\/index.php?rest_route=\/wp\/v2\/pages"}],"about":[{"href":"https:\/\/gruene-emsland-mitte.de\/index.php?rest_route=\/wp\/v2\/types\/page"}],"author":[{"embeddable":true,"href":"https:\/\/gruene-emsland-mitte.de\/index.php?rest_route=\/wp\/v2\/users\/4"}],"replies":[{"embeddable":true,"href":"https:\/\/gruene-emsland-mitte.de\/index.php?rest_route=%2Fwp%2Fv2%2Fcomments&post=2152"}],"version-history":[{"count":12,"href":"https:\/\/gruene-emsland-mitte.de\/index.php?rest_route=\/wp\/v2\/pages\/2152\/revisions"}],"predecessor-version":[{"id":3004,"href":"https:\/\/gruene-emsland-mitte.de\/index.php?rest_route=\/wp\/v2\/pages\/2152\/revisions\/3004"}],"wp:attachment":[{"href":"https:\/\/gruene-emsland-mitte.de\/index.php?rest_route=%2Fwp%2Fv2%2Fmedia&parent=2152"}],"curies":[{"name":"wp","href":"https:\/\/api.w.org\/{rel}","templated":true}]}}