{"id":3088,"date":"2026-07-16T10:48:56","date_gmt":"2026-07-16T10:48:56","guid":{"rendered":"https:\/\/gruene-emsland-mitte.de\/?page_id=3088"},"modified":"2026-08-26T08:51:39","modified_gmt":"2026-08-26T08:51:39","slug":"kommunalwahl-2026","status":"publish","type":"page","link":"https:\/\/gruene-emsland-mitte.de\/?page_id=3088","title":{"rendered":"Kommunalwahl 2026"},"content":{"rendered":"\n<figure class=\"wp-block-image size-full\"><a href=\"https:\/\/gruene-emsland-mitte.de\/wp-content\/uploads\/2026\/07\/cropped-5df371b1-4397-4490-9a62-3273b72a915d-800x196-1.jpg\"><img loading=\"lazy\" decoding=\"async\" width=\"775\" height=\"196\" src=\"https:\/\/gruene-emsland-mitte.de\/wp-content\/uploads\/2026\/07\/cropped-5df371b1-4397-4490-9a62-3273b72a915d-800x196-1.jpg\" alt=\"\" class=\"wp-image-3091\" srcset=\"https:\/\/gruene-emsland-mitte.de\/wp-content\/uploads\/2026\/07\/cropped-5df371b1-4397-4490-9a62-3273b72a915d-800x196-1.jpg 775w, https:\/\/gruene-emsland-mitte.de\/wp-content\/uploads\/2026\/07\/cropped-5df371b1-4397-4490-9a62-3273b72a915d-800x196-1-400x101.jpg 400w, https:\/\/gruene-emsland-mitte.de\/wp-content\/uploads\/2026\/07\/cropped-5df371b1-4397-4490-9a62-3273b72a915d-800x196-1-768x194.jpg 768w\" sizes=\"auto, (max-width: 775px) 100vw, 775px\" \/><\/a><\/figure>\n\n\n\n<p class=\"wp-block-paragraph\">Am 13.9. ist es wieder so weit. Die Kommunalwahl in unserer Region. Und wir k\u00f6nnen euch erz\u00e4hlen, die Gr\u00fcnen sind gut aufgestellt in unserer Region. <br>Es wird gerade an jeder Ecke gearbeitet, so dass ihr uns am 13.9. eure Stimme geben k\u00f6nnt und wir f\u00fcr euch die so wichtigen gr\u00fcnen Themen in den R\u00e4ten vertreten.<br><br>Die Gr\u00fcnen im Emsland setzen sich aus drei Teilbereichen zusammen: <br>&#8211; <a href=\"https:\/\/gruene-eln.de\/\">die Gr\u00fcnen Emsland Nord<\/a> (die Gegend um Papenburg)<br>&#8211; <a href=\"https:\/\/www.gruene-els.de\/home\">die Gr\u00fcnen Emsland S\u00fcd<\/a> (die Gegend um Lingen)<br>&#8211; die Gr\u00fcnen Emsland Mitte (das sind wir)<br>\u00dcbergelagert ist der <a href=\"https:\/\/gruene-emsland.de\/?page_id=963\">Kreisverband Emsland<\/a>, der ebenfalls mit der Kreistagswahl dieses Jahr aktiv ist. Ebenso wird ein <a href=\"https:\/\/gruene-emsland.de\/?cat=122\">Landrat gew\u00e4hlt, bei dem dieses Jahr mit Christian Engelken<\/a> auch Gr\u00fcn gew\u00e4hlt werden kann.<br><br>Hier geht es zu den einzelnen Wahlbezirken der Gr\u00fcnen Emsland Mitte:<br><\/p>\n\n\n\n<div data-wp-context=\"{ &quot;autoclose&quot;: false, &quot;accordionItems&quot;: [] }\" data-wp-interactive=\"core\/accordion\" role=\"group\" class=\"wp-block-accordion is-layout-flow wp-block-accordion-is-layout-flow\">\n<div data-wp-class--is-open=\"state.isOpen\" data-wp-context=\"{ &quot;id&quot;: &quot;accordion-item-1&quot;, &quot;openByDefault&quot;: false }\" data-wp-init=\"callbacks.initAccordionItems\" data-wp-on-window--hashchange=\"callbacks.hashChange\" class=\"wp-block-accordion-item is-layout-flow wp-block-accordion-item-is-layout-flow\">\n<h3 class=\"wp-block-accordion-heading has-icon has-icon-right\"><button aria-expanded=\"false\" aria-controls=\"accordion-item-1-panel\" data-wp-bind--aria-expanded=\"state.isOpen\" data-wp-on--click=\"actions.toggle\" id=\"accordion-item-1\" type=\"button\" class=\"wp-block-accordion-heading__toggle\"><span class=\"wp-block-accordion-heading__toggle-title\">Die Gr\u00fcnen in Geeste<\/span><span class=\"wp-block-accordion-heading__toggle-icon\" aria-hidden=\"true\">+<\/span><\/button><\/h3>\n\n\n\n<div aria-labelledby=\"accordion-item-1\" data-wp-bind--hidden=\"state.isHidden\" data-wp-on--beforematch=\"actions.handleBeforeMatch\" id=\"accordion-item-1-panel\" role=\"region\" class=\"wp-block-accordion-panel is-layout-flow wp-block-accordion-panel-is-layout-flow\">\n<p class=\"wp-block-paragraph\"><strong>Unsere Kandidat:innen f\u00fcr die Gemeinde Geeste:  <\/strong><br>Platz 1 &#8211; Jana Winderlich<br>Platz 2 &#8211; Ulrich Struck<br>Platz 3 &#8211; Christian Raeth<br>Platz 4 &#8211; Katharina Einhaus<br><\/p>\n\n\n\n<figure class=\"wp-block-image size-large\"><a href=\"https:\/\/gruene-emsland-mitte.de\/wp-content\/uploads\/2026\/07\/WhatsApp-Image-2026-07-14-at-18.45.10.jpeg\"><img decoding=\"async\" width=\"800\" height=\"533\" fetchpriority=\"low\" src=\"https:\/\/gruene-emsland-mitte.de\/wp-content\/uploads\/2026\/07\/WhatsApp-Image-2026-07-14-at-18.45.10-800x533.jpeg\" alt=\"Vier Personen stehend l\u00e4chelnd vor einem gr\u00fcnen Hintergrund.\" class=\"wp-image-3100\" srcset=\"https:\/\/gruene-emsland-mitte.de\/wp-content\/uploads\/2026\/07\/WhatsApp-Image-2026-07-14-at-18.45.10-800x533.jpeg 800w, https:\/\/gruene-emsland-mitte.de\/wp-content\/uploads\/2026\/07\/WhatsApp-Image-2026-07-14-at-18.45.10-400x267.jpeg 400w, https:\/\/gruene-emsland-mitte.de\/wp-content\/uploads\/2026\/07\/WhatsApp-Image-2026-07-14-at-18.45.10-768x512.jpeg 768w, https:\/\/gruene-emsland-mitte.de\/wp-content\/uploads\/2026\/07\/WhatsApp-Image-2026-07-14-at-18.45.10-1536x1023.jpeg 1536w, https:\/\/gruene-emsland-mitte.de\/wp-content\/uploads\/2026\/07\/WhatsApp-Image-2026-07-14-at-18.45.10.jpeg 1600w\" sizes=\"(max-width: 800px) 100vw, 800px\" \/><\/a><figcaption class=\"wp-element-caption\"><em>V.l.n.r.: Christian Raeth, Jana Winderlich, Katharina Einhaus und Ulrich Struck. Unsere Kandidierenden f\u00fcr den Gemeinderat Geeste bei der Kommunalwahl 2026.<\/em><\/figcaption><\/figure>\n\n\n\n<p class=\"wp-block-paragraph\">Wir sind noch flei\u00dfig dabei, unsere Inhalte zu erstellen. Gebt uns noch ein wenig Zeit. <br>Bis dahin schaut gerne rein, was wir aktuell machen. Habt ihr Interesse an unserer Parteiarbeit? Dann kontaktiert uns gerne unter: geeste@gruene-emsland-mitte.de <\/p>\n\n\n\n<p class=\"wp-block-paragraph\">Weitere Informationen und Kontaktadressen findet ihr in unserem Menu oben unter &#8222;Unsere R\u00e4te&#8220; und unter &#8222;Gr\u00fcne im Emsland&#8220; &#8211; <a href=\"https:\/\/gruene-emsland-mitte.de\/?cat=93\">Geeste<\/a><\/p>\n\n\n\n<p class=\"wp-block-paragraph\">In K\u00fcrze werden wir auch bei uns Gr\u00fcne Wahlplakate h\u00e4ngen. Wir freuen uns auf euch. Und bitte dran denken: am 13.9. GR\u00dcN w\u00e4hlen. <br><br>Vielen Dank.<\/p>\n<\/div>\n<\/div>\n<\/div>\n\n\n\n<div data-wp-context=\"{ &quot;autoclose&quot;: false, &quot;accordionItems&quot;: [] }\" data-wp-interactive=\"core\/accordion\" role=\"group\" class=\"wp-block-accordion is-layout-flow wp-block-accordion-is-layout-flow\">\n<div data-wp-class--is-open=\"state.isOpen\" data-wp-context=\"{ &quot;id&quot;: &quot;accordion-item-2&quot;, &quot;openByDefault&quot;: false }\" data-wp-init=\"callbacks.initAccordionItems\" data-wp-on-window--hashchange=\"callbacks.hashChange\" class=\"wp-block-accordion-item is-layout-flow wp-block-accordion-item-is-layout-flow\">\n<h3 class=\"wp-block-accordion-heading has-icon has-icon-right\"><button aria-expanded=\"false\" aria-controls=\"accordion-item-2-panel\" data-wp-bind--aria-expanded=\"state.isOpen\" data-wp-on--click=\"actions.toggle\" id=\"accordion-item-2\" type=\"button\" class=\"wp-block-accordion-heading__toggle\"><span class=\"wp-block-accordion-heading__toggle-title\">Die Gr\u00fcnen in Haren<\/span><span class=\"wp-block-accordion-heading__toggle-icon\" aria-hidden=\"true\">+<\/span><\/button><\/h3>\n\n\n\n<div aria-labelledby=\"accordion-item-2\" data-wp-bind--hidden=\"state.isHidden\" data-wp-on--beforematch=\"actions.handleBeforeMatch\" id=\"accordion-item-2-panel\" role=\"region\" class=\"wp-block-accordion-panel is-layout-flow wp-block-accordion-panel-is-layout-flow\">\n<p class=\"wp-block-paragraph\"><strong>Unsere Kandidat:innen f\u00fcr die Stadt Haren:<\/strong><br>Platz 1 &#8211; Sandra Tieben<br>Platz 2 &#8211; Christian Engelken<br>Platz 3 &#8211; Anna Hanses<br>Platz 4 &#8211; Thomas Meyering<br><br>Wir sind noch flei\u00dfig dabei, unsere Inhalte zu erstellen. Gebt uns noch ein wenig Zeit. <br>Bis dahin schaut gerne rein, was wir aktuell machen. Weitere Informationen und Kontaktadressen findet ihr in unserem Menu oben unter &#8222;Unsere R\u00e4te&#8220; und unter &#8222;Gr\u00fcne im Emsland&#8220; &#8211; <a href=\"https:\/\/gruene-emsland-mitte.de\/?cat=89\">Haren<\/a> <\/p>\n\n\n\n<p class=\"wp-block-paragraph\">Instagram: <a href=\"https:\/\/www.instagram.com\/gruene_haren\/\">@gruene_haren<\/a><\/p>\n\n\n\n<figure class=\"wp-block-image size-large\"><a href=\"https:\/\/gruene-emsland-mitte.de\/wp-content\/uploads\/2026\/08\/gruene-haren-stadtrat-scaled.jpeg\"><img decoding=\"async\" width=\"800\" height=\"533\" fetchpriority=\"low\" src=\"https:\/\/gruene-emsland-mitte.de\/wp-content\/uploads\/2026\/08\/gruene-haren-stadtrat-800x533.jpeg\" alt=\"Kandidaten f\u00fcr den Stadtrat Haren\" class=\"wp-image-3114\" srcset=\"https:\/\/gruene-emsland-mitte.de\/wp-content\/uploads\/2026\/08\/gruene-haren-stadtrat-800x533.jpeg 800w, https:\/\/gruene-emsland-mitte.de\/wp-content\/uploads\/2026\/08\/gruene-haren-stadtrat-400x267.jpeg 400w, https:\/\/gruene-emsland-mitte.de\/wp-content\/uploads\/2026\/08\/gruene-haren-stadtrat-768x512.jpeg 768w, https:\/\/gruene-emsland-mitte.de\/wp-content\/uploads\/2026\/08\/gruene-haren-stadtrat-1536x1024.jpeg 1536w, https:\/\/gruene-emsland-mitte.de\/wp-content\/uploads\/2026\/08\/gruene-haren-stadtrat-2048x1365.jpeg 2048w\" sizes=\"(max-width: 800px) 100vw, 800px\" \/><\/a><\/figure>\n\n\n\n<p class=\"wp-block-paragraph\">von rechts nach links: Thomas Meyering (Platz 4), Sandra Tieben (Platz 1), Christian Engelken (Platz 2), Anna Hanses (Platz 3)<\/p>\n<\/div>\n<\/div>\n<\/div>\n\n\n\n<div data-wp-context=\"{ &quot;autoclose&quot;: false, &quot;accordionItems&quot;: [] }\" data-wp-interactive=\"core\/accordion\" role=\"group\" class=\"wp-block-accordion is-layout-flow wp-block-accordion-is-layout-flow\">\n<div data-wp-class--is-open=\"state.isOpen\" data-wp-context=\"{ &quot;id&quot;: &quot;accordion-item-3&quot;, &quot;openByDefault&quot;: false }\" data-wp-init=\"callbacks.initAccordionItems\" data-wp-on-window--hashchange=\"callbacks.hashChange\" class=\"wp-block-accordion-item is-layout-flow wp-block-accordion-item-is-layout-flow\">\n<h3 class=\"wp-block-accordion-heading has-icon has-icon-right\"><button aria-expanded=\"false\" aria-controls=\"accordion-item-3-panel\" data-wp-bind--aria-expanded=\"state.isOpen\" data-wp-on--click=\"actions.toggle\" id=\"accordion-item-3\" type=\"button\" class=\"wp-block-accordion-heading__toggle\"><span class=\"wp-block-accordion-heading__toggle-title\">Die Gr\u00fcnen in Hasel\u00fcnne<\/span><span class=\"wp-block-accordion-heading__toggle-icon\" aria-hidden=\"true\">+<\/span><\/button><\/h3>\n\n\n\n<div aria-labelledby=\"accordion-item-3\" data-wp-bind--hidden=\"state.isHidden\" data-wp-on--beforematch=\"actions.handleBeforeMatch\" id=\"accordion-item-3-panel\" role=\"region\" class=\"wp-block-accordion-panel is-layout-flow wp-block-accordion-panel-is-layout-flow\">\n<p class=\"wp-block-paragraph\"><strong>Unsere Kandidat:innen f\u00fcr die Stadt Hasel\u00fcnne:<\/strong><br>Platz 1 &#8211; Hanna Wiegmann<br>Platz 2 &#8211; Sophie Koopmann<br>Platz 3 &#8211; Nicolas M\u00fclbrecht Breer<br>Platz 4 &#8211; Claas Flint<br>Platz 5 &#8211; Linda Klose<br>Platz 6 &#8211; Johannes Poll<br>Platz 7 &#8211; Tanja Tykfer<br>Platz 8 &#8211; Irmela Schr\u00f6ck<br><br>Wir sind noch flei\u00dfig dabei, unsere Inhalte zu erstellen. Gebt uns noch ein wenig Zeit. <br>Bis dahin schaut gerne rein, was wir aktuell machen. Weitere Informationen und Kontaktadressen findet ihr in unserem Menu oben unter &#8222;Unsere R\u00e4te&#8220; und unter &#8222;Gr\u00fcne im Emsland&#8220; &#8211; <a href=\"https:\/\/gruene-emsland-mitte.de\/?cat=71\">Hasel\u00fcnne<\/a><\/p>\n\n\n\n<p class=\"wp-block-paragraph\">In K\u00fcrze werden wir auch bei uns Gr\u00fcne Wahlplakate h\u00e4ngen. Wir freuen uns auf euch. Und bitte dran denken: am 13.9. GR\u00dcN w\u00e4hlen. <br><br>Vielen Dank.<\/p>\n<\/div>\n<\/div>\n<\/div>\n\n\n\n<div data-wp-context=\"{ &quot;autoclose&quot;: false, &quot;accordionItems&quot;: [] }\" data-wp-interactive=\"core\/accordion\" role=\"group\" class=\"wp-block-accordion is-layout-flow wp-block-accordion-is-layout-flow\">\n<div data-wp-class--is-open=\"state.isOpen\" data-wp-context=\"{ &quot;id&quot;: &quot;accordion-item-4&quot;, &quot;openByDefault&quot;: false }\" data-wp-init=\"callbacks.initAccordionItems\" data-wp-on-window--hashchange=\"callbacks.hashChange\" class=\"wp-block-accordion-item is-layout-flow wp-block-accordion-item-is-layout-flow\">\n<h3 class=\"wp-block-accordion-heading has-icon has-icon-right\"><button aria-expanded=\"false\" aria-controls=\"accordion-item-4-panel\" data-wp-bind--aria-expanded=\"state.isOpen\" data-wp-on--click=\"actions.toggle\" id=\"accordion-item-4\" type=\"button\" class=\"wp-block-accordion-heading__toggle\"><span class=\"wp-block-accordion-heading__toggle-title\">Die Gr\u00fcnen in Herzlake<\/span><span class=\"wp-block-accordion-heading__toggle-icon\" aria-hidden=\"true\">+<\/span><\/button><\/h3>\n\n\n\n<div aria-labelledby=\"accordion-item-4\" data-wp-bind--hidden=\"state.isHidden\" data-wp-on--beforematch=\"actions.handleBeforeMatch\" id=\"accordion-item-4-panel\" role=\"region\" class=\"wp-block-accordion-panel is-layout-flow wp-block-accordion-panel-is-layout-flow\">\n<p class=\"wp-block-paragraph\"><strong>Unsere Kandidat:innen f\u00fcr die Samtgemeinde Herzlake: <\/strong><br>Platz 1 &#8211; Lisa Olliges<br>Platz 2 &#8211; Henrike van Wingerden<br>Platz 3 &#8211; Olga de Groot<br>Platz 4 &#8211; Dagmar Untiedt<br>Platz 5 &#8211; Dr. Karl-Heinz W\u00fcllner-Fischer<br>Platz 6 -Michael Olliges<br>Platz 7 &#8211; Marion Bettermann-Kuschmierz<br><br><strong>Unsere Kandidat:innen f\u00fcr die Gemeinde L\u00e4hden:<\/strong><br>Platz 1 &#8211; Dagmar Untiedt<br>Platz 2 &#8211; Dr. Karl-Heinz W\u00fcllner-Fischer<br>Platz 3 &#8211; Michael Olliges<br>Platz 4 &#8211; Lisa Olliges<br>Platz 5 &#8211; Marion Bettermann-Kuschmierz<\/p>\n\n\n\n<p class=\"wp-block-paragraph\">Wir sind noch flei\u00dfig dabei, unsere Inhalte zu erstellen. Gebt uns noch ein wenig Zeit. <br>Bis dahin schaut gerne rein, was wir aktuell machen. Weitere Informationen und Kontaktadressen findet ihr in unserem Menu oben unter &#8222;Unsere R\u00e4te&#8220; und unter &#8222;Gr\u00fcne im Emsland&#8220; &#8211; <a href=\"https:\/\/gruene-emsland-mitte.de\/?cat=96\">Herzlake<\/a><\/p>\n\n\n\n<p class=\"wp-block-paragraph\">In K\u00fcrze werden wir auch bei uns Gr\u00fcne Wahlplakate h\u00e4ngen. Wir freuen uns auf euch. Und bitte dran denken: am 13.9. GR\u00dcN w\u00e4hlen. <br><br>Vielen Dank.<\/p>\n<\/div>\n<\/div>\n<\/div>\n\n\n\n<div data-wp-context=\"{ &quot;autoclose&quot;: false, &quot;accordionItems&quot;: [] }\" data-wp-interactive=\"core\/accordion\" role=\"group\" class=\"wp-block-accordion is-layout-flow wp-block-accordion-is-layout-flow\">\n<div data-wp-class--is-open=\"state.isOpen\" data-wp-context=\"{ &quot;id&quot;: &quot;accordion-item-5&quot;, &quot;openByDefault&quot;: false }\" data-wp-init=\"callbacks.initAccordionItems\" data-wp-on-window--hashchange=\"callbacks.hashChange\" class=\"wp-block-accordion-item is-layout-flow wp-block-accordion-item-is-layout-flow\">\n<h3 class=\"wp-block-accordion-heading has-icon has-icon-right\"><button aria-expanded=\"false\" aria-controls=\"accordion-item-5-panel\" data-wp-bind--aria-expanded=\"state.isOpen\" data-wp-on--click=\"actions.toggle\" id=\"accordion-item-5\" type=\"button\" class=\"wp-block-accordion-heading__toggle\"><span class=\"wp-block-accordion-heading__toggle-title\">Die Gr\u00fcnen in Meppen<\/span><span class=\"wp-block-accordion-heading__toggle-icon\" aria-hidden=\"true\">+<\/span><\/button><\/h3>\n\n\n\n<div aria-labelledby=\"accordion-item-5\" data-wp-bind--hidden=\"state.isHidden\" data-wp-on--beforematch=\"actions.handleBeforeMatch\" id=\"accordion-item-5-panel\" role=\"region\" class=\"wp-block-accordion-panel is-layout-flow wp-block-accordion-panel-is-layout-flow\">\n<p class=\"wp-block-paragraph\"><strong>Unsere Kandidat:innen aus der Stadt Meppen:<\/strong><br><br>Wahlbereich West:<br>1. Martina Markus<br>2. Hermann Sievers<br>3. Frauke van Kampen<br>4. Tanja Weigert<br>5. Christoph Dornieden<br><br>Wahlbereich Ost:<br>1. Theresa Gothe<br>2. Lukas Wiegmann<br>3. Regina Sandhaus<br>4. Herbert L\u00fcgering<br>5. Melanie Kuipers<br>6. Heiko L\u00fcbben<br><br><strong>Unser Wahlprogramm f\u00fcr die Kommunalwahl 2026 f\u00fcr Meppen<\/strong>:<\/p>\n\n\n\n<figure class=\"wp-block-image size-full\"><a href=\"https:\/\/gruene-emsland-mitte.de\/wp-content\/uploads\/2026\/07\/header-1.jpg\"><img decoding=\"async\" width=\"688\" height=\"422\" fetchpriority=\"low\" src=\"https:\/\/gruene-emsland-mitte.de\/wp-content\/uploads\/2026\/07\/header-1.jpg\" alt=\"\" class=\"wp-image-3057\" srcset=\"https:\/\/gruene-emsland-mitte.de\/wp-content\/uploads\/2026\/07\/header-1.jpg 688w, https:\/\/gruene-emsland-mitte.de\/wp-content\/uploads\/2026\/07\/header-1-400x245.jpg 400w\" sizes=\"(max-width: 688px) 100vw, 688px\" \/><\/a><\/figure>\n\n\n\n<p class=\"wp-block-paragraph\">Wir freuen uns, dass wir wieder f\u00fcr euch f\u00fcr die Kommunalwahl in Meppen antreten d\u00fcrfen.<br>Alle weiteren Infos, wer sich in welchen Wahlbezirk auf welcher Position aufstellen l\u00e4sst und wer wir sind, findet ihr auf unserer <a href=\"https:\/\/gruene-emsland-mitte.de\/?page_id=3055\">Kommunalwahl 2026 Wahlkampfseite<\/a>.<br><br><strong>Wir freuen uns, wenn ihr am 13.9. GR\u00dcN w\u00e4hlt.<\/strong><br><\/p>\n<\/div>\n<\/div>\n<\/div>\n\n\n\n<div data-wp-context=\"{ &quot;autoclose&quot;: false, &quot;accordionItems&quot;: [] }\" data-wp-interactive=\"core\/accordion\" role=\"group\" class=\"wp-block-accordion is-layout-flow wp-block-accordion-is-layout-flow\">\n<div data-wp-class--is-open=\"state.isOpen\" data-wp-context=\"{ &quot;id&quot;: &quot;accordion-item-6&quot;, &quot;openByDefault&quot;: false }\" data-wp-init=\"callbacks.initAccordionItems\" data-wp-on-window--hashchange=\"callbacks.hashChange\" class=\"wp-block-accordion-item is-layout-flow wp-block-accordion-item-is-layout-flow\">\n<h3 class=\"wp-block-accordion-heading has-icon has-icon-right\"><button aria-expanded=\"false\" aria-controls=\"accordion-item-6-panel\" data-wp-bind--aria-expanded=\"state.isOpen\" data-wp-on--click=\"actions.toggle\" id=\"accordion-item-6\" type=\"button\" class=\"wp-block-accordion-heading__toggle\"><span class=\"wp-block-accordion-heading__toggle-title\">Die Gr\u00fcnen in Twist<\/span><span class=\"wp-block-accordion-heading__toggle-icon\" aria-hidden=\"true\">+<\/span><\/button><\/h3>\n\n\n\n<div aria-labelledby=\"accordion-item-6\" data-wp-bind--hidden=\"state.isHidden\" data-wp-on--beforematch=\"actions.handleBeforeMatch\" id=\"accordion-item-6-panel\" role=\"region\" class=\"wp-block-accordion-panel is-layout-flow wp-block-accordion-panel-is-layout-flow\">\n<p class=\"wp-block-paragraph\">Ganz besonders freuen wir uns, dass wir dieses Jahr ENDLICH auch eine Kandidatin f\u00fcr die Gemeinde Twist aufstellen lassen k\u00f6nnen. Solltet ihr aus der Region kommen: wir ben\u00f6tigen noch Unterst\u00fctzer:innen sowohl aktiv als auch passiv:-)<br><br><strong>Unsere Kandidatin f\u00fcr die Gemeinde Twist:<\/strong><br><\/p>\n\n\n\n<p class=\"wp-block-paragraph\">Sandra Basenius &#8211; Listenplatz 1<\/p>\n\n\n\n<figure class=\"wp-block-image size-large\"><a href=\"https:\/\/gruene-emsland-mitte.de\/wp-content\/uploads\/2026\/08\/WhatsApp-Image-2026-08-25-at-12.59.10.jpeg\"><img decoding=\"async\" width=\"800\" height=\"1067\" fetchpriority=\"low\" src=\"https:\/\/gruene-emsland-mitte.de\/wp-content\/uploads\/2026\/08\/WhatsApp-Image-2026-08-25-at-12.59.10-800x1067.jpeg\" alt=\"\" class=\"wp-image-3142\" srcset=\"https:\/\/gruene-emsland-mitte.de\/wp-content\/uploads\/2026\/08\/WhatsApp-Image-2026-08-25-at-12.59.10-800x1067.jpeg 800w, https:\/\/gruene-emsland-mitte.de\/wp-content\/uploads\/2026\/08\/WhatsApp-Image-2026-08-25-at-12.59.10-400x533.jpeg 400w, https:\/\/gruene-emsland-mitte.de\/wp-content\/uploads\/2026\/08\/WhatsApp-Image-2026-08-25-at-12.59.10-768x1024.jpeg 768w, https:\/\/gruene-emsland-mitte.de\/wp-content\/uploads\/2026\/08\/WhatsApp-Image-2026-08-25-at-12.59.10-1152x1536.jpeg 1152w, https:\/\/gruene-emsland-mitte.de\/wp-content\/uploads\/2026\/08\/WhatsApp-Image-2026-08-25-at-12.59.10.jpeg 1200w\" sizes=\"(max-width: 800px) 100vw, 800px\" \/><\/a><\/figure>\n\n\n\n<p class=\"wp-block-paragraph\"><br>Meine Ziele f\u00fcr den Gemeinderat Twist:<\/p>\n\n\n\n<p class=\"wp-block-paragraph\">&#8222;Ich w\u00fcnsche mir, dass Twist noch l(i)ebenswerter wird, als es schon ist. Dazu braucht es mehr M\u00f6glichkeiten zur Teilhabe. Ich m\u00f6chte neue Impulse in den Gemeinderat bringen. Diese Punkte liegen mir besonders am Herzen:<\/p>\n\n\n\n<ol class=\"wp-block-list\">\n<li>Die Wahl eines Kinder- und Jugendparlamentes f\u00fcr die Gemeinde Twist, damit die Stimmen der Jugend in den Fokus ger\u00fcckt werden. Nur, wenn wir Twist f\u00fcr junge Menschen lebenswert gestalten, sorgen wir daf\u00fcr, dass sie gerne hierbleiben. <\/li>\n\n\n\n<li>Der Ausbau des \u00d6PNV, damit insbesondere junge und \u00e4ltere Menschen selbstst\u00e4ndig mobil sein k\u00f6nnen und auch mal die Freunde im n\u00e4chsten Dorf besuchen k\u00f6nnen. <\/li>\n\n\n\n<li>Der Schutz des Klimas, da besonders die Landwirtschaft unter den Folgen von D\u00fcrre und Extremwetterereignissen leidet.<br><\/li>\n<\/ol>\n\n\n\n<p class=\"wp-block-paragraph\">Ich w\u00fcrde mich sehr freuen, f\u00fcr die B\u00fcrger vom Twist im Gemeinderat aktiv zu sein. Gemeinsam k\u00f6nnen wir etwas bewegen. F\u00fcr ein noch sch\u00f6neres Twist!&#8220;<\/p>\n\n\n\n<p class=\"wp-block-paragraph\">Weitere Informationen und Kontaktadressen findet ihr in unserem Menu oben unter &#8222;Unsere R\u00e4te&#8220; und unter &#8222;Gr\u00fcne im Emsland&#8220; &#8211; <a href=\"https:\/\/gruene-emsland-mitte.de\/?cat=97#\">Twist<\/a><\/p>\n\n\n\n<p class=\"wp-block-paragraph\">In K\u00fcrze werden wir auch bei uns Gr\u00fcne Wahlplakate h\u00e4ngen. Wir freuen uns auf euch. Und bitte dran denken: am 13.9. GR\u00dcN w\u00e4hlen. <br><br>Vielen Dank.<\/p>\n\n\n\n<p class=\"wp-block-paragraph\"><\/p>\n<\/div>\n<\/div>\n<\/div>\n\n\n\n<p class=\"wp-block-paragraph\">Somit haben wir <strong>40.<\/strong> Listenpl\u00e4tze auf den Wahlkarten f\u00fcr das mittlere Emsland f\u00fcr euch gef\u00fcllt.<br>Wir freuen uns auf eure Stimme und auf nette Gespr\u00e4che an unseren Wahlkampfst\u00e4nden.<\/p>\n\n\n\n<p class=\"wp-block-paragraph\"><\/p>\n","protected":false},"excerpt":{"rendered":"<p>Am 13.9. ist es wieder so weit. Die Kommunalwahl in unserer Region. Und wir k\u00f6nnen euch erz\u00e4hlen, die Gr\u00fcnen sind gut aufgestellt in unserer Region. Es wird gerade an jeder [&hellip;]<\/p>\n","protected":false},"author":4,"featured_media":0,"parent":0,"menu_order":0,"comment_status":"closed","ping_status":"closed","template":"","meta":{"footnotes":""},"class_list":["post-3088","page","type-page","status-publish","hentry"],"_links":{"self":[{"href":"https:\/\/gruene-emsland-mitte.de\/index.php?rest_route=\/wp\/v2\/pages\/3088","targetHints":{"allow":["GET"]}}],"collection":[{"href":"https:\/\/gruene-emsland-mitte.de\/index.php?rest_route=\/wp\/v2\/pages"}],"about":[{"href":"https:\/\/gruene-emsland-mitte.de\/index.php?rest_route=\/wp\/v2\/types\/page"}],"author":[{"embeddable":true,"href":"https:\/\/gruene-emsland-mitte.de\/index.php?rest_route=\/wp\/v2\/users\/4"}],"replies":[{"embeddable":true,"href":"https:\/\/gruene-emsland-mitte.de\/index.php?rest_route=%2Fwp%2Fv2%2Fcomments&post=3088"}],"version-history":[{"count":14,"href":"https:\/\/gruene-emsland-mitte.de\/index.php?rest_route=\/wp\/v2\/pages\/3088\/revisions"}],"predecessor-version":[{"id":3143,"href":"https:\/\/gruene-emsland-mitte.de\/index.php?rest_route=\/wp\/v2\/pages\/3088\/revisions\/3143"}],"wp:attachment":[{"href":"https:\/\/gruene-emsland-mitte.de\/index.php?rest_route=%2Fwp%2Fv2%2Fmedia&parent=3088"}],"curies":[{"name":"wp","href":"https:\/\/api.w.org\/{rel}","templated":true}]}}